{"id":11,"date":"2023-04-12T14:16:12","date_gmt":"2023-04-12T12:16:12","guid":{"rendered":"http:\/\/carretude.fr\/?page_id=11"},"modified":"2023-04-26T13:37:41","modified_gmt":"2023-04-26T11:37:41","slug":"accueil","status":"publish","type":"page","link":"https:\/\/carretude.fr\/","title":{"rendered":"Accueil"},"content":{"rendered":"\n<hr class=\"wp-block-separator has-text-color has-white-color has-alpha-channel-opacity has-white-background-color has-background is-style-dots\"\/>\n\n\n\n<div class=\"wp-block-columns is-layout-flex wp-container-core-columns-is-layout-9d6595d7 wp-block-columns-is-layout-flex\">\n<div class=\"wp-block-column is-layout-flow wp-block-column-is-layout-flow\">\n<figure class=\"wp-block-image size-full\"><img loading=\"lazy\" decoding=\"async\" width=\"1417\" height=\"1063\" src=\"http:\/\/carretude.fr\/wp-content\/uploads\/2023\/04\/carretude-header-accueil-1-1.png\" alt=\"\" class=\"wp-image-75\" srcset=\"https:\/\/carretude.fr\/wp-content\/uploads\/2023\/04\/carretude-header-accueil-1-1.png 1417w, https:\/\/carretude.fr\/wp-content\/uploads\/2023\/04\/carretude-header-accueil-1-1-300x225.png 300w, https:\/\/carretude.fr\/wp-content\/uploads\/2023\/04\/carretude-header-accueil-1-1-1024x768.png 1024w, https:\/\/carretude.fr\/wp-content\/uploads\/2023\/04\/carretude-header-accueil-1-1-768x576.png 768w\" sizes=\"auto, (max-width: 1417px) 100vw, 1417px\" \/><\/figure>\n<\/div>\n\n\n\n<div class=\"wp-block-column is-layout-flow wp-block-column-is-layout-flow\">\n<div class=\"wp-block-group\"><div class=\"wp-block-group__inner-container is-layout-constrained wp-block-group-is-layout-constrained\">\n<div class=\"wp-block-group text-accueil\"><div class=\"wp-block-group__inner-container is-layout-constrained wp-block-group-is-layout-constrained\">\n<div class=\"wp-block-group\"><div class=\"wp-block-group__inner-container is-layout-constrained wp-block-group-is-layout-constrained\">\n<p><mark style=\"background-color:rgba(0, 0, 0, 0)\" class=\"has-inline-color has-black-color\">A Propos : <\/mark><\/p>\n\n\n\n<h2 class=\"wp-block-heading\"><mark style=\"background-color:rgba(0, 0, 0, 0)\" class=\"has-inline-color has-vivid-cyan-blue-color\">Au c\u0153ur du quartier du Jardin des Plantes :<\/mark><br><\/h2>\n\n\n\n<hr class=\"wp-block-separator has-text-color has-white-color has-alpha-channel-opacity has-white-background-color has-background\"\/>\n\n\n\n<hr class=\"wp-block-separator has-text-color has-cyan-bluish-gray-color has-alpha-channel-opacity has-cyan-bluish-gray-background-color has-background is-style-default\"\/>\n\n\n\n<p>\u200b<\/p>\n\n\n\n<p>En pleine mutation la r<strong>\u00e9sidence Carr\u00e9tude <\/strong>se modernise pour vous offrir l\u2019h\u00e9bergement id\u00e9al dans le cadre de vos \u00e9tudes ou de vos missions sur Saint-Etienne.<\/p>\n\n\n\n<p>B\u00e9n\u00e9ficiant d\u2019un parc d\u2019environ 4000 m\u00b2, la r\u00e9sidence Carr\u00e9tude r\u00e9ussit \u00e0 conjuguer le calme de la nature, au coeur du centre-ville de Saint-Etienne.<\/p>\n<\/div><\/div>\n\n\n\n<p>A seulement 3 min \u00e0 pieds du tramway, la r\u00e9sidence est proche de la gare de Ch\u00e2teaucreux (5 min en tramway, 10 min \u00e0 pieds), des commerces de proximit\u00e9, des grandes \u00e9coles, des IUT\u2026<\/p>\n\n\n\n<p>Cot\u00e9 loisirs, l\u2019op\u00e9ra th\u00e9\u00e2tre est \u00e0 2 min de la r\u00e9sidence et de nombreux restaurants, bars et cin\u00e9mas sont accessibles \u00e0 pied.<\/p>\n\n\n\n<p>Apr\u00e8s un r\u00e9cent changement de propri\u00e9taire, la r\u00e9sidence est en constante am\u00e9lioration pour vous offrir plus de confort.<\/p>\n<\/div><\/div>\n<\/div><\/div>\n<\/div>\n<\/div>\n\n\n\n<div class=\"wp-block-columns is-layout-flex wp-container-core-columns-is-layout-9d6595d7 wp-block-columns-is-layout-flex\">\n<div class=\"wp-block-column is-layout-flow wp-block-column-is-layout-flow\">\n<div class=\"wp-block-group text-accueil\"><div class=\"wp-block-group__inner-container is-layout-constrained wp-block-group-is-layout-constrained\">\n<div class=\"wp-block-group text-accueil\"><div class=\"wp-block-group__inner-container is-layout-constrained wp-block-group-is-layout-constrained\">\n<p><mark style=\"background-color:rgba(0, 0, 0, 0)\" class=\"has-inline-color has-black-color\">Location<\/mark><\/p>\n\n\n\n<div class=\"wp-block-group\"><div class=\"wp-block-group__inner-container is-layout-constrained wp-block-group-is-layout-constrained\">\n<h2 class=\"wp-block-heading\"><mark style=\"background-color:rgba(0, 0, 0, 0)\" class=\"has-inline-color has-vivid-cyan-blue-color\">Un herbergement meubl\u00e9 adapt\u00e9 \u00e0 vos besoins<\/mark><br><\/h2>\n\n\n\n<hr class=\"wp-block-separator has-text-color has-white-color has-alpha-channel-opacity has-white-background-color has-background\"\/>\n\n\n\n<p><\/p>\n\n\n\n<hr class=\"wp-block-separator has-text-color has-cyan-bluish-gray-color has-alpha-channel-opacity has-cyan-bluish-gray-background-color has-background\"\/>\n\n\n\n<p><br>La <strong>R\u00e9sidence Carr\u00e9tude <\/strong>vous propose un h\u00e9bergement adapt\u00e9 \u00e0 vos besoins: de la chambre \u00e9tudiante \u00e0 l\u2019appartement 3 pi\u00e8ces, en passant par le studio avec cuisine, tout est pens\u00e9 pour votre confort.<br>Pour tous, nous voulons des tarifs clairs et transparents, vous garantissant le meilleur rapport qualit\u00e9-prix !<br>La <strong>R\u00e9sidence Carr\u00e9tude<\/strong> vous propose un h\u00e9bergement adapt\u00e9 \u00e0 vos besoins: de la chambre \u00e9tudiante \u00e0 l\u2019appartement 3 pi\u00e8ces, en passant par le studio avec cuisine, tout est pens\u00e9 pour votre confort.<br>Pour tous, nous voulons des tarifs clairs et transparents, vous garantissant le meilleur rapport qualit\u00e9-prix !<\/p>\n<\/div><\/div>\n<\/div><\/div>\n<\/div><\/div>\n<\/div>\n\n\n\n<div class=\"wp-block-column is-layout-flow wp-block-column-is-layout-flow\">\n<figure class=\"wp-block-image size-full\"><img loading=\"lazy\" decoding=\"async\" width=\"1417\" height=\"1063\" src=\"http:\/\/carretude.fr\/wp-content\/uploads\/2023\/04\/aHR0cHM6Ly93d3cuYWRlbGUub3JnL2Fzc2V0cy1jYWNoZS9mdWxsL2ZpbGVzX3Jlc2lkZW5jZV9waG90by83LzUvZS83NWUzM2RhOWIxMDNiN2I5MWRjZDhkYTBhYmUxMzU0Yi8wZWNlMDNiMzE3YjRiZjAzOWU0MzY1MjQ2NDkwMzg3MC5qcGVn.png\" alt=\"\" class=\"wp-image-34\" srcset=\"https:\/\/carretude.fr\/wp-content\/uploads\/2023\/04\/aHR0cHM6Ly93d3cuYWRlbGUub3JnL2Fzc2V0cy1jYWNoZS9mdWxsL2ZpbGVzX3Jlc2lkZW5jZV9waG90by83LzUvZS83NWUzM2RhOWIxMDNiN2I5MWRjZDhkYTBhYmUxMzU0Yi8wZWNlMDNiMzE3YjRiZjAzOWU0MzY1MjQ2NDkwMzg3MC5qcGVn.png 1417w, https:\/\/carretude.fr\/wp-content\/uploads\/2023\/04\/aHR0cHM6Ly93d3cuYWRlbGUub3JnL2Fzc2V0cy1jYWNoZS9mdWxsL2ZpbGVzX3Jlc2lkZW5jZV9waG90by83LzUvZS83NWUzM2RhOWIxMDNiN2I5MWRjZDhkYTBhYmUxMzU0Yi8wZWNlMDNiMzE3YjRiZjAzOWU0MzY1MjQ2NDkwMzg3MC5qcGVn-300x225.png 300w, https:\/\/carretude.fr\/wp-content\/uploads\/2023\/04\/aHR0cHM6Ly93d3cuYWRlbGUub3JnL2Fzc2V0cy1jYWNoZS9mdWxsL2ZpbGVzX3Jlc2lkZW5jZV9waG90by83LzUvZS83NWUzM2RhOWIxMDNiN2I5MWRjZDhkYTBhYmUxMzU0Yi8wZWNlMDNiMzE3YjRiZjAzOWU0MzY1MjQ2NDkwMzg3MC5qcGVn-1024x768.png 1024w, https:\/\/carretude.fr\/wp-content\/uploads\/2023\/04\/aHR0cHM6Ly93d3cuYWRlbGUub3JnL2Fzc2V0cy1jYWNoZS9mdWxsL2ZpbGVzX3Jlc2lkZW5jZV9waG90by83LzUvZS83NWUzM2RhOWIxMDNiN2I5MWRjZDhkYTBhYmUxMzU0Yi8wZWNlMDNiMzE3YjRiZjAzOWU0MzY1MjQ2NDkwMzg3MC5qcGVn-768x576.png 768w\" sizes=\"auto, (max-width: 1417px) 100vw, 1417px\" \/><\/figure>\n<\/div>\n<\/div>\n","protected":false},"excerpt":{"rendered":"<p>A Propos : Au c\u0153ur du quartier du Jardin des Plantes : \u200b En pleine mutation la r\u00e9sidence Carr\u00e9tude se modernise pour vous offrir l\u2019h\u00e9bergement id\u00e9al dans le cadre de&#8230;<\/p>\n","protected":false},"author":1,"featured_media":0,"parent":0,"menu_order":0,"comment_status":"closed","ping_status":"closed","template":"","meta":{"footnotes":""},"class_list":["post-11","page","type-page","status-publish"],"_links":{"self":[{"href":"https:\/\/carretude.fr\/index.php?rest_route=\/wp\/v2\/pages\/11","targetHints":{"allow":["GET"]}}],"collection":[{"href":"https:\/\/carretude.fr\/index.php?rest_route=\/wp\/v2\/pages"}],"about":[{"href":"https:\/\/carretude.fr\/index.php?rest_route=\/wp\/v2\/types\/page"}],"author":[{"embeddable":true,"href":"https:\/\/carretude.fr\/index.php?rest_route=\/wp\/v2\/users\/1"}],"replies":[{"embeddable":true,"href":"https:\/\/carretude.fr\/index.php?rest_route=%2Fwp%2Fv2%2Fcomments&post=11"}],"version-history":[{"count":19,"href":"https:\/\/carretude.fr\/index.php?rest_route=\/wp\/v2\/pages\/11\/revisions"}],"predecessor-version":[{"id":200,"href":"https:\/\/carretude.fr\/index.php?rest_route=\/wp\/v2\/pages\/11\/revisions\/200"}],"wp:attachment":[{"href":"https:\/\/carretude.fr\/index.php?rest_route=%2Fwp%2Fv2%2Fmedia&parent=11"}],"curies":[{"name":"wp","href":"https:\/\/api.w.org\/{rel}","templated":true}]}}